{"id":1533,"date":"2018-07-21T09:39:56","date_gmt":"2018-07-21T07:39:56","guid":{"rendered":"https:\/\/www.selfie-cosmetic.com\/impress"},"modified":"2018-07-27T10:41:43","modified_gmt":"2018-07-27T08:41:43","slug":"impress","status":"publish","type":"page","link":"https:\/\/selfie-cosmetic.com\/es\/impress","title":{"rendered":"Impresione a"},"content":{"rendered":"<h1>Aviso del sitio<\/h1>\n<h2>Informaci\u00f3n facilitada de acuerdo con el art. 5 de la Ley alemana de medios de comunicaci\u00f3n (TMG):<\/h2>\n<p>MyVitalSkin GmbH &amp; Co. KG<br \/>\nMonschauer Stra\u00dfe 12<br \/>\n52076 Aquisgr\u00e1n<\/p>\n<h2>Representado por:<\/h2>\n<p>vertreten durant les compagnies MyVitalSkin Verwaltungs GmbH<\/p>\n<h2>Contacto:<\/h2>\n<p>Tel\u00e9fono: +49 (0) 241 53106365<br \/>\nTelefax: +49 (0)241-53106369<br \/>\nCorreo electr\u00f3nico: info@selfie-cosmetic.de<\/p>\n<h2>Registre la entrada:<\/h2>\n<p>Inscripci\u00f3n en el Handelsregister.<br \/>\nTribunal de registro:Aachen<br \/>\nN\u00famero de registro: 8605<\/p>\n<h2>EL IVA:<\/h2>\n<p>N\u00famero de identificaci\u00f3n del IVA seg\u00fan el art. 27 a de la Ley alemana del Impuesto sobre el Valor A\u00f1adido:<br \/>\nDE 299 337 085<\/p>\n<h2>Responsable de los contenidos seg\u00fan el art. 55, p\u00e1rr. 2 del Acuerdo Federal de Radiodifusi\u00f3n (RstV):<\/h2>\n<p>MyVitalSkin GmbH &amp; Co. KG<br \/>\nVertreten by the Komplement\u00e4ren MyVitalSkin Verwaltungs GmbH<br \/>\nMonschauer Stra\u00dfe 12<br \/>\nD-52076 Aquisgr\u00e1n<\/p>\n<h2>Resoluci\u00f3n de litigios<\/h2>\n<p>La Comisi\u00f3n Europea ofrece una plataforma para la resoluci\u00f3n de litigios en l\u00ednea (OS): <a href=\"https:\/\/ec.europa.eu\/consumers\/odr\" target=\"_blank\" rel=\"noopener\">https:\/\/ec.europa.eu\/consumers\/odr<\/a>.<br \/>\nPor favor, encuentre nuestro correo electr\u00f3nico en el impressum\/aviso legal.<\/p>\n<p>No participamos en la resoluci\u00f3n de conflictos en l\u00ednea en las juntas de arbitraje de consumo.<\/p>\n<h3>Responsabilidad por el contenido<\/h3>\n<p>Como proveedores de servicios, somos responsables de los contenidos propios de estas p\u00e1ginas web seg\u00fan el art. 7, p\u00e1rrafo 1 de la Ley alemana de medios de comunicaci\u00f3n (TMG). Sin embargo, seg\u00fan los art\u00edculos 8 a 10 de la Ley alemana de medios de comunicaci\u00f3n (TMG), los proveedores de servicios no est\u00e1n obligados a controlar permanentemente la informaci\u00f3n enviada o almacenada ni a buscar pruebas que indiquen actividades ilegales.<\/p>\n<p>Las obligaciones legales de retirar la informaci\u00f3n o bloquear su uso son indiscutibles. En este caso, la responsabilidad s\u00f3lo es posible en el momento en que se tiene conocimiento de una violaci\u00f3n espec\u00edfica de la ley. Los contenidos ilegales se eliminar\u00e1n inmediatamente en el momento en que tengamos conocimiento de ellos.<\/p>\n<h3>Responsabilidad de los enlaces<\/h3>\n<p>Nuestra oferta incluye enlaces a sitios web externos de terceros. No tenemos ninguna influencia sobre el contenido de esas p\u00e1ginas web, por lo que no podemos garantizar su contenido. Los proveedores o administradores de los sitios web enlazados son siempre responsables de sus propios contenidos.<\/p>\n<p>Las p\u00e1ginas web enlazadas hab\u00edan sido revisadas para detectar posibles violaciones de la ley en el momento de establecer el enlace. No se detectaron contenidos ilegales en el momento del enlace. No se puede imponer un control permanente de los contenidos de las p\u00e1ginas web enlazadas sin que existan indicios razonables de que se ha producido una violaci\u00f3n de la ley. Los enlaces ilegales se eliminar\u00e1n inmediatamente en el momento en que tengamos conocimiento de ellos.<\/p>\n<h3>Copyright<\/h3>\n<p>Los contenidos y recopilaciones publicados en estas p\u00e1ginas web por los proveedores est\u00e1n sujetos a la legislaci\u00f3n alemana sobre derechos de autor. La reproducci\u00f3n, edici\u00f3n y distribuci\u00f3n, as\u00ed como el uso de cualquier tipo fuera del \u00e1mbito de la ley de derechos de autor, requieren una autorizaci\u00f3n por escrito del autor o creador. Las descargas y copias de estos sitios web est\u00e1n permitidas \u00fanicamente para uso privado.<br \/>\nQueda prohibido el uso comercial de nuestros contenidos sin el permiso del autor.<\/p>\n<p>Se respetan las leyes de derechos de autor de terceros siempre que los contenidos de estos sitios web no procedan del proveedor. Las contribuciones de terceros en este sitio se indican como tales. Sin embargo, si observa alguna violaci\u00f3n de la ley de derechos de autor, le rogamos que nos informe. Dichos contenidos ser\u00e1n eliminados inmediatamente.<\/p>","protected":false},"excerpt":{"rendered":"<p>Site Notice Information provided according to Sec. 5 German Telemedia Act (TMG): MyVitalSkin GmbH &amp; Co. KG Monschauer Stra\u00dfe 12 52076 Aachen Represented by: vertreten durch den Komplement\u00e4ren MyVitalSkin Verwaltungs GmbH Contact: Telephone: +49 (0) 241 53106365 Telefax: +49 (0)241-53106369 Email: info@selfie-cosmetic.de Register entry: Entry in the Handelsregister. Registering court:Aachen Registration number: 8605 VAT: VAT  [&#8230;]<\/p>\n","protected":false},"author":1,"featured_media":0,"parent":0,"menu_order":0,"comment_status":"closed","ping_status":"closed","template":"","meta":{"rs_blank_template":"","rs_page_bg_color":"","slide_template_v7":"","_linkhub_out_internal":"","_linkhub_out_external":"","_linkhub_in_internal":"","_linkhub_in_external":"","_linkhub_exclude":"","_linkhub_aliases":"","footnotes":""},"class_list":["post-1533","page","type-page","status-publish","hentry"],"_links":{"self":[{"href":"https:\/\/selfie-cosmetic.com\/es\/wp-json\/wp\/v2\/pages\/1533","targetHints":{"allow":["GET"]}}],"collection":[{"href":"https:\/\/selfie-cosmetic.com\/es\/wp-json\/wp\/v2\/pages"}],"about":[{"href":"https:\/\/selfie-cosmetic.com\/es\/wp-json\/wp\/v2\/types\/page"}],"author":[{"embeddable":true,"href":"https:\/\/selfie-cosmetic.com\/es\/wp-json\/wp\/v2\/users\/1"}],"replies":[{"embeddable":true,"href":"https:\/\/selfie-cosmetic.com\/es\/wp-json\/wp\/v2\/comments?post=1533"}],"version-history":[{"count":0,"href":"https:\/\/selfie-cosmetic.com\/es\/wp-json\/wp\/v2\/pages\/1533\/revisions"}],"wp:attachment":[{"href":"https:\/\/selfie-cosmetic.com\/es\/wp-json\/wp\/v2\/media?parent=1533"}],"curies":[{"name":"wp","href":"https:\/\/api.w.org\/{rel}","templated":true}]}}